{"id":882,"date":"2015-02-21T19:38:57","date_gmt":"2015-02-21T18:38:57","guid":{"rendered":"http:\/\/technik-akademie-tuebingen.de\/?page_id=882"},"modified":"2015-02-21T19:38:57","modified_gmt":"2015-02-21T18:38:57","slug":"abschlussveranstaltung","status":"publish","type":"page","link":"http:\/\/technik-akademie-tuebingen.de\/2015\/home\/abschlussveranstaltung\/","title":{"rendered":"Abschlussveranstaltung"},"content":{"rendered":"<p>Am 21.02.2015\u00a0 fand die Abschlussfeier der Technik-Akademie 2015 statt. Bei dem &#8222;Event&#8220; in der Uhland Aula T\u00fcbingen, wurde von den Teilnehmern der Verlauf der Woche der \u00d6ffentlichkeit, insbesondere den Eltern der Teilnehmer, pr\u00e4sentiert.<\/p>\n<p>Nach den Pr\u00e4sentationen beendete Herr Gl\u00fcck, repr\u00e4sentativ f\u00fcr die Akademieleitung, die Woche, verabschiedete die Teilnehmer und bedankte sich abschlie\u00dfend f\u00fcr die Unterst\u00fctzung durch die CHT R. Beitlich Stiftung und das Regierungspr\u00e4sidium T\u00fcbingen, die das Projekt erst erm\u00f6glicht haben.<\/p>\n","protected":false},"excerpt":{"rendered":"<p>Am 21.02.2015\u00a0 fand die Abschlussfeier der Technik-Akademie 2015 statt. Bei dem &#8222;Event&#8220; in der Uhland Aula T\u00fcbingen, wurde von den Teilnehmern der Verlauf der Woche der \u00d6ffentlichkeit, insbesondere den Eltern der Teilnehmer, pr\u00e4sentiert. Nach den Pr\u00e4sentationen beendete Herr Gl\u00fcck, repr\u00e4sentativ f\u00fcr die Akademieleitung, die Woche, verabschiedete die Teilnehmer und bedankte sich abschlie\u00dfend f\u00fcr die Unterst\u00fctzung [&hellip;]<\/p>\n","protected":false},"author":5,"featured_media":0,"parent":27,"menu_order":0,"comment_status":"closed","ping_status":"open","template":"","meta":{"_monsterinsights_skip_tracking":false,"_monsterinsights_sitenote_active":false,"_monsterinsights_sitenote_note":"","_monsterinsights_sitenote_category":0,"footnotes":""},"class_list":["post-882","page","type-page","status-publish","hentry"],"_links":{"self":[{"href":"http:\/\/technik-akademie-tuebingen.de\/2015\/wp-json\/wp\/v2\/pages\/882","targetHints":{"allow":["GET"]}}],"collection":[{"href":"http:\/\/technik-akademie-tuebingen.de\/2015\/wp-json\/wp\/v2\/pages"}],"about":[{"href":"http:\/\/technik-akademie-tuebingen.de\/2015\/wp-json\/wp\/v2\/types\/page"}],"author":[{"embeddable":true,"href":"http:\/\/technik-akademie-tuebingen.de\/2015\/wp-json\/wp\/v2\/users\/5"}],"replies":[{"embeddable":true,"href":"http:\/\/technik-akademie-tuebingen.de\/2015\/wp-json\/wp\/v2\/comments?post=882"}],"version-history":[{"count":1,"href":"http:\/\/technik-akademie-tuebingen.de\/2015\/wp-json\/wp\/v2\/pages\/882\/revisions"}],"predecessor-version":[{"id":883,"href":"http:\/\/technik-akademie-tuebingen.de\/2015\/wp-json\/wp\/v2\/pages\/882\/revisions\/883"}],"up":[{"embeddable":true,"href":"http:\/\/technik-akademie-tuebingen.de\/2015\/wp-json\/wp\/v2\/pages\/27"}],"wp:attachment":[{"href":"http:\/\/technik-akademie-tuebingen.de\/2015\/wp-json\/wp\/v2\/media?parent=882"}],"curies":[{"name":"wp","href":"https:\/\/api.w.org\/{rel}","templated":true}]}}